{"id":18,"date":"2023-06-20T18:28:08","date_gmt":"2023-06-20T18:28:08","guid":{"rendered":"https:\/\/ekw.ch\/?page_id=18"},"modified":"2025-10-13T16:47:22","modified_gmt":"2025-10-13T14:47:22","slug":"angebot","status":"publish","type":"page","link":"https:\/\/ekw.ch\/?page_id=18","title":{"rendered":"Angebot"},"content":{"rendered":"\n<h3 class=\"wp-block-heading\">Unsere Dienstleistungen auf einen Blick \u2013&nbsp;was darf&#8217;s sein? <\/h3>\n\n\n\n<div style=\"height:30px\" aria-hidden=\"true\" class=\"wp-block-spacer\"><\/div>\n\n\n\n<div class=\"wp-block-group has-luminous-vivid-amber-background-color has-background\"><div class=\"wp-block-group__inner-container is-layout-constrained wp-block-group-is-layout-constrained\">\n<p class=\"has-medium-font-size wp-block-paragraph\"><strong>EKW Shop<\/strong><\/p>\n\n\n\n<p class=\"wp-block-paragraph\">Haben Sie Fragen?<br>In unserem Shop beraten wir Sie gerne pers\u00f6nlich von Montag bis Freitag <br>07:30 bis 11:30 und 13:30 bis 17:00.<\/p>\n\n\n\n<p class=\"wp-block-paragraph\">Wir freuen uns \u00fcber Ihren Besuch oder Anruf.<\/p>\n<\/div><\/div>\n\n\n\n<p class=\"wp-block-paragraph\"><\/p>\n\n\n\n<div class=\"wp-block-group has-pale-cyan-blue-background-color has-background\"><div class=\"wp-block-group__inner-container is-layout-constrained wp-block-group-is-layout-constrained\">\n<p class=\"has-medium-font-size wp-block-paragraph\"><strong>Energieversorgung \/ Strom<\/strong><\/p>\n\n\n<div class=\"wp-block-image wp-duotone-unset-1\">\n<figure class=\"alignright size-medium is-resized\"><img data-recalc-dims=\"1\" loading=\"lazy\" decoding=\"async\" width=\"240\" height=\"300\" src=\"https:\/\/i0.wp.com\/ekw.ch\/wp-content\/uploads\/2023\/06\/hilal-kh-Yh4D-Rx_ryk-unsplash.jpg?resize=240%2C300&#038;ssl=1\" alt=\"\" class=\"wp-image-63\" style=\"width:293px;height:auto\" srcset=\"https:\/\/i0.wp.com\/ekw.ch\/wp-content\/uploads\/2023\/06\/hilal-kh-Yh4D-Rx_ryk-unsplash-scaled.jpg?resize=240%2C300&amp;ssl=1 240w, https:\/\/i0.wp.com\/ekw.ch\/wp-content\/uploads\/2023\/06\/hilal-kh-Yh4D-Rx_ryk-unsplash-scaled.jpg?resize=819%2C1024&amp;ssl=1 819w, https:\/\/i0.wp.com\/ekw.ch\/wp-content\/uploads\/2023\/06\/hilal-kh-Yh4D-Rx_ryk-unsplash-scaled.jpg?resize=768%2C960&amp;ssl=1 768w, https:\/\/i0.wp.com\/ekw.ch\/wp-content\/uploads\/2023\/06\/hilal-kh-Yh4D-Rx_ryk-unsplash-scaled.jpg?resize=1229%2C1536&amp;ssl=1 1229w, https:\/\/i0.wp.com\/ekw.ch\/wp-content\/uploads\/2023\/06\/hilal-kh-Yh4D-Rx_ryk-unsplash-scaled.jpg?resize=1638%2C2048&amp;ssl=1 1638w, https:\/\/i0.wp.com\/ekw.ch\/wp-content\/uploads\/2023\/06\/hilal-kh-Yh4D-Rx_ryk-unsplash-scaled.jpg?resize=1568%2C1960&amp;ssl=1 1568w, https:\/\/i0.wp.com\/ekw.ch\/wp-content\/uploads\/2023\/06\/hilal-kh-Yh4D-Rx_ryk-unsplash-scaled.jpg?w=2048&amp;ssl=1 2048w, https:\/\/i0.wp.com\/ekw.ch\/wp-content\/uploads\/2023\/06\/hilal-kh-Yh4D-Rx_ryk-unsplash-scaled.jpg?w=1050&amp;ssl=1 1050w\" sizes=\"auto, (max-width: 240px) 100vw, 240px\" \/><\/figure>\n<\/div>\n\n\n<ul class=\"wp-block-list\">\n<li><strong>Tarife<\/strong><\/li>\n<\/ul>\n\n\n\n<p class=\"wp-block-paragraph\">Ab dem 01.01.2024 wurde der Strompreis auf Einheitstarif umgestellt.<\/p>\n\n\n\n<p class=\"wp-block-paragraph\">Hier finden Sie die die Preisbl\u00e4tter<\/p>\n\n\n\n<p class=\"wp-block-paragraph\"><a href=\"https:\/\/ekw.ch\/?page_id=272\" data-type=\"page\" data-id=\"272\">Bezugsjahr 2024<\/a><\/p>\n\n\n\n<p class=\"wp-block-paragraph\"><a href=\"http:\/\/ekw.ch\/?page_id=269\">Bezugsjahr 2025<\/a><\/p>\n\n\n\n<p class=\"wp-block-paragraph\"><a href=\"https:\/\/ekw.ch\/?page_id=1096\" data-type=\"page\" data-id=\"1096\">Bezugsjahr 2026<\/a><\/p>\n\n\n\n<ul class=\"wp-block-list\">\n<li><strong>Netznutzung<\/strong><\/li>\n<\/ul>\n\n\n\n<p class=\"wp-block-paragraph\">Die Netznutzung umfasst die gesamte Infrastruktur mit welcher der Strom vom Kraftwerk bis zu Ihnen transportiert wird.<\/p>\n\n\n\n<p class=\"wp-block-paragraph\">Dies beinhaltet den Bau, Betrieb und Unterhalt durch die EKW sowie der vorgelagerten Netze (SAK\/Axpo\/Swissgrid) und wird im Verh\u00e4ltnis zum Energieverbrauch berechnet.<\/p>\n\n\n\n<p class=\"wp-block-paragraph\">Die Berechnung des Preises f\u00fcr die Netznutzung ist vom Gesetzgeber klar geregelt und wird von der ElCom (schweiz. Elektrizit\u00e4tskommission \u00fcberwacht).<\/p>\n\n\n\n<ul class=\"wp-block-list\">\n<li><strong>Energielieferung<\/strong><\/li>\n<\/ul>\n\n\n\n<p class=\"wp-block-paragraph\">Die Belieferung unserer Kunden mit elektrischer Energie zu den bestm\u00f6glichen Konditionen ist unser Ziel.<\/p>\n\n\n\n<p class=\"wp-block-paragraph\">Das ewz, Elektrizit\u00e4tswerk der Stadt Z\u00fcrich, liefert uns den Strom seit 2016 kosteng\u00fcnstig und zuverl\u00e4ssig.<\/p>\n\n\n\n<ul class=\"wp-block-list\">\n<li><strong>Stromkennzeichnung<\/strong><\/li>\n<\/ul>\n\n\n\n<p class=\"has-black-color has-text-color has-link-color wp-elements-1 wp-block-paragraph\"><a href=\"https:\/\/ekw.ch\/wp-content\/uploads\/2024\/07\/20240530_Stromkennzeichnung_2023_EKw-1.pdf\" data-type=\"link\" data-id=\"https:\/\/ekw.ch\/wp-content\/uploads\/2024\/07\/20240530_Stromkennzeichnung_2023_EKw-1.pdf\" target=\"_blank\" rel=\"noreferrer noopener\"><strong>Download Stromkennzeichnung<\/strong><\/a><br><br><\/p>\n<\/div><\/div>\n\n\n\n<p class=\"wp-block-paragraph\"><\/p>\n\n\n\n<div class=\"wp-block-group has-luminous-vivid-amber-background-color has-background\"><div class=\"wp-block-group__inner-container is-layout-constrained wp-block-group-is-layout-constrained\">\n<div class=\"wp-block-group\"><div class=\"wp-block-group__inner-container is-layout-constrained wp-block-group-is-layout-constrained\">\n<p class=\"has-medium-font-size wp-block-paragraph\"><strong>EVG, ZEV, virtuelle ZEV und LEG<\/strong><\/p>\n\n\n\n<p class=\"wp-block-paragraph\">Finden Sie <a href=\"https:\/\/ekw.ch\/?page_id=846\" data-type=\"page\" data-id=\"846\">hier Informationen<\/a> zur Nutzung Ihrer Solaranlage.<\/p>\n<\/div><\/div>\n<\/div><\/div>\n\n\n\n<p class=\"wp-block-paragraph\"><\/p>\n\n\n\n<div class=\"wp-block-group\"><div class=\"wp-block-group__inner-container is-layout-constrained wp-block-group-is-layout-constrained\">\n<div class=\"wp-block-group has-pale-cyan-blue-background-color has-background\"><div class=\"wp-block-group__inner-container is-layout-constrained wp-block-group-is-layout-constrained\">\n<p class=\"has-medium-font-size wp-block-paragraph\"><strong>Telematik<\/strong><\/p>\n\n\n\n<p class=\"has-small-font-size wp-block-paragraph\"><\/p>\n\n\n\n<p class=\"wp-block-paragraph\">Auch f\u00fcr Fragen im Bereich Telefonie, Internet und Fernsehen sind wir f\u00fcr Sie da. <\/p>\n\n\n\n<p class=\"wp-block-paragraph\">In Partnerschaft mit Sunrise GmbH bieten wir, nebst digitalen TV-Programmen, schnelle Internet-Anschl\u00fcsse bis 2\u2019500\/100 Mbit\/s in unserem eigenen Kabelnetz an.<\/p>\n\n\n\n<p class=\"wp-block-paragraph\">Wir betreiben auch einen Sales Point von Sunrise GmbH, wo wir Sie gerne bei der Auswahl Ihres optimalen Abo\u2019s f\u00fcr TV, Internet Festnetz oder Handy beraten.<\/p>\n\n\n\n<p class=\"wp-block-paragraph\"><\/p>\n<\/div><\/div>\n<\/div><\/div>\n\n\n\n<p class=\"wp-block-paragraph\"><\/p>\n\n\n\n<div class=\"wp-block-group\"><div class=\"wp-block-group__inner-container is-layout-constrained wp-block-group-is-layout-constrained\">\n<div class=\"wp-block-group has-luminous-vivid-amber-background-color has-background\"><div class=\"wp-block-group__inner-container is-layout-constrained wp-block-group-is-layout-constrained\">\n<p class=\"has-medium-font-size wp-block-paragraph\"><strong>Anschlussgesuche<\/strong><\/p>\n\n\n\n<p class=\"wp-block-paragraph\">Formulare zum Download:<br><br><a href=\"https:\/\/ekw.ch\/wp-content\/uploads\/2024\/08\/2018_Anschlusserklrung_Strom_Formular.pdf\" target=\"_blank\" rel=\"noreferrer noopener\">Anschlussgesuch Strom<\/a><br><a href=\"https:\/\/ekw.ch\/wp-content\/uploads\/2024\/08\/2021_Anschlusserklrung_Kabel-TV_Formular.pdf\" target=\"_blank\" rel=\"noreferrer noopener\">Anschlussgesuch Kabel-TV<\/a><br><a href=\"https:\/\/ekw.ch\/wp-content\/uploads\/2024\/08\/2021_Bestellung_Baustromanschluss_Formular.pdf\" data-type=\"link\" data-id=\"https:\/\/ekw.ch\/wp-content\/uploads\/2024\/08\/2021_Bestellung_Baustromanschluss_Formular.pdf\" target=\"_blank\" rel=\"noreferrer noopener\">Anschlussgesuch Bau-Strom<\/a><\/p>\n<\/div><\/div>\n\n\n\n<p class=\"wp-block-paragraph\"><\/p>\n<\/div><\/div>\n\n\n\n<div class=\"wp-block-group has-pale-cyan-blue-background-color has-background\"><div class=\"wp-block-group__inner-container is-layout-constrained wp-block-group-is-layout-constrained\">\n<p class=\"has-medium-font-size wp-block-paragraph\"><strong>Reglemente<\/strong><\/p>\n\n\n\n<p class=\"has-small-font-size wp-block-paragraph\"><\/p>\n\n\n\n<p class=\"wp-block-paragraph\"><a href=\"https:\/\/ekw.ch\/wp-content\/uploads\/2024\/09\/20061001-Stromabgabe-Reglement.pdf\" data-type=\"attachment\" data-id=\"541\" target=\"_blank\" rel=\"noreferrer noopener\">Stromabgabe-Reglement<\/a><br><a href=\"https:\/\/ekw.ch\/wp-content\/uploads\/2024\/09\/2011-TV-Reglement.pdf\" data-type=\"attachment\" data-id=\"539\" target=\"_blank\" rel=\"noreferrer noopener\">TV-Reglement<\/a><br><a href=\"https:\/\/ekw.ch\/wp-content\/uploads\/2024\/09\/1999-Reglement-ZusArbeit.pdf\" data-type=\"attachment\" data-id=\"538\" target=\"_blank\" rel=\"noreferrer noopener\">Reglement &#8222;Zusammenarbeit mit anderen Werken&#8220;<\/a><br><a href=\"https:\/\/ekw.ch\/wp-content\/uploads\/2024\/09\/2019-Statuten-EKW-bewilligt.pdf\" data-type=\"attachment\" data-id=\"540\" target=\"_blank\" rel=\"noreferrer noopener\">Statuten EKW<\/a><\/p>\n<\/div><\/div>\n\n\n\n<p class=\"wp-block-paragraph\"><\/p>\n","protected":false},"excerpt":{"rendered":"<p>Unsere Dienstleistungen auf einen Blick \u2013&nbsp;was darf&#8217;s sein? EKW Shop Haben Sie Fragen?In unserem Shop beraten wir Sie gerne pers\u00f6nlich von Montag bis Freitag 07:30 bis 11:30 und 13:30 bis 17:00. Wir freuen uns \u00fcber Ihren Besuch oder Anruf. Energieversorgung \/ Strom Ab dem 01.01.2024 wurde der Strompreis auf Einheitstarif umgestellt. Hier finden Sie die &hellip; <\/p>\n<p class=\"link-more\"><a href=\"https:\/\/ekw.ch\/?page_id=18\" class=\"more-link\"><span class=\"screen-reader-text\">\u201eAngebot\u201c <\/span>weiterlesen<\/a><\/p>\n","protected":false},"author":1,"featured_media":0,"parent":0,"menu_order":0,"comment_status":"closed","ping_status":"closed","template":"","meta":{"_acf_changed":false,"footnotes":""},"class_list":["post-18","page","type-page","status-publish","hentry"],"acf":[],"jetpack_sharing_enabled":true,"publishpress_future_action":{"enabled":false,"date":"2026-09-08 07:24:15","action":"change-status","newStatus":"draft","terms":[],"taxonomy":"","extraData":[]},"publishpress_future_workflow_manual_trigger":{"enabledWorkflows":[]},"_links":{"self":[{"href":"https:\/\/ekw.ch\/index.php?rest_route=\/wp\/v2\/pages\/18","targetHints":{"allow":["GET"]}}],"collection":[{"href":"https:\/\/ekw.ch\/index.php?rest_route=\/wp\/v2\/pages"}],"about":[{"href":"https:\/\/ekw.ch\/index.php?rest_route=\/wp\/v2\/types\/page"}],"author":[{"embeddable":true,"href":"https:\/\/ekw.ch\/index.php?rest_route=\/wp\/v2\/users\/1"}],"replies":[{"embeddable":true,"href":"https:\/\/ekw.ch\/index.php?rest_route=%2Fwp%2Fv2%2Fcomments&post=18"}],"version-history":[{"count":57,"href":"https:\/\/ekw.ch\/index.php?rest_route=\/wp\/v2\/pages\/18\/revisions"}],"predecessor-version":[{"id":1373,"href":"https:\/\/ekw.ch\/index.php?rest_route=\/wp\/v2\/pages\/18\/revisions\/1373"}],"wp:attachment":[{"href":"https:\/\/ekw.ch\/index.php?rest_route=%2Fwp%2Fv2%2Fmedia&parent=18"}],"curies":[{"name":"wp","href":"https:\/\/api.w.org\/{rel}","templated":true}]}}