{"id":463,"date":"2024-08-29T12:33:38","date_gmt":"2024-08-29T12:33:38","guid":{"rendered":"https:\/\/ekw.ch\/?page_id=463"},"modified":"2024-08-30T14:28:21","modified_gmt":"2024-08-30T14:28:21","slug":"verwaltungsrat","status":"publish","type":"page","link":"https:\/\/ekw.ch\/?page_id=463","title":{"rendered":"Verwaltungsrat"},"content":{"rendered":"\n<div class=\"wp-block-group alignfull\"><div class=\"wp-block-group__inner-container is-layout-constrained wp-block-group-is-layout-constrained\">\n<div class=\"wp-block-columns is-layout-flex wp-container-core-columns-is-layout-8f761849 wp-block-columns-is-layout-flex\">\n<div class=\"wp-block-column is-layout-flow wp-block-column-is-layout-flow\">\n<p class=\"wp-block-paragraph\"><\/p>\n\n\n\n<div class=\"wp-block-columns is-layout-flex wp-container-core-columns-is-layout-8f761849 wp-block-columns-is-layout-flex\">\n<div class=\"wp-block-column is-layout-flow wp-block-column-is-layout-flow\">\n<figure class=\"wp-block-image size-full is-resized\"><img data-recalc-dims=\"1\" loading=\"lazy\" decoding=\"async\" width=\"200\" height=\"300\" src=\"https:\/\/i0.wp.com\/ekw.ch\/wp-content\/uploads\/2023\/06\/max_1.jpg?resize=200%2C300&#038;ssl=1\" alt=\"\" class=\"wp-image-143\" style=\"width:auto;height:180px\"\/><\/figure>\n\n\n\n<p class=\"has-medium-font-size wp-block-paragraph\"><strong>Max Breu<\/strong><br>Pr\u00e4sident<\/p>\n\n\n\n<p class=\"wp-block-paragraph\"><a href=\"mailto:praesident@ekw.ch\">praesident@ekw.ch<\/a><\/p>\n<\/div>\n\n\n\n<div class=\"wp-block-column is-layout-flow wp-block-column-is-layout-flow\">\n<figure class=\"wp-block-image size-full is-resized\"><img data-recalc-dims=\"1\" loading=\"lazy\" decoding=\"async\" width=\"200\" height=\"300\" src=\"https:\/\/i0.wp.com\/ekw.ch\/wp-content\/uploads\/2023\/06\/peter.jpg?resize=200%2C300&#038;ssl=1\" alt=\"\" class=\"wp-image-144\" style=\"aspect-ratio:0.8333333333333334;object-fit:cover;width:auto;height:180px\"\/><\/figure>\n\n\n\n<p class=\"has-medium-font-size wp-block-paragraph\"><strong>Peter Gasser<\/strong><br>Vizepr\u00e4sident<\/p>\n\n\n\n<p class=\"wp-block-paragraph\"><\/p>\n<\/div>\n\n\n\n<div class=\"wp-block-column is-layout-flow wp-block-column-is-layout-flow\"><\/div>\n<\/div>\n<\/div>\n<\/div>\n\n\n\n<div class=\"wp-block-columns is-layout-flex wp-container-core-columns-is-layout-8f761849 wp-block-columns-is-layout-flex\">\n<div class=\"wp-block-column is-layout-flow wp-block-column-is-layout-flow\">\n<figure class=\"wp-block-image size-full\"><img data-recalc-dims=\"1\" loading=\"lazy\" decoding=\"async\" width=\"150\" height=\"180\" src=\"https:\/\/i0.wp.com\/ekw.ch\/wp-content\/uploads\/2023\/06\/portraet-fehlend.png?resize=150%2C180&#038;ssl=1\" alt=\"\" class=\"wp-image-133\"\/><\/figure>\n\n\n\n<p class=\"has-medium-font-size wp-block-paragraph\"><strong>Markus Rohner<\/strong><br>Mitglied<\/p>\n\n\n\n<p class=\"wp-block-paragraph\"><\/p>\n<\/div>\n\n\n\n<div class=\"wp-block-column is-layout-flow wp-block-column-is-layout-flow\">\n<figure class=\"wp-block-image size-full is-resized\"><img data-recalc-dims=\"1\" loading=\"lazy\" decoding=\"async\" width=\"200\" height=\"243\" src=\"https:\/\/i0.wp.com\/ekw.ch\/wp-content\/uploads\/2023\/06\/Markus_Heil.jpg?resize=200%2C243&#038;ssl=1\" alt=\"\" class=\"wp-image-145\" style=\"width:auto;height:180px\"\/><\/figure>\n\n\n\n<p class=\"has-medium-font-size wp-block-paragraph\"><strong>Markus Heil<\/strong><br>Mitglied<\/p>\n\n\n\n<p class=\"wp-block-paragraph\"><\/p>\n<\/div>\n\n\n\n<div class=\"wp-block-column is-layout-flow wp-block-column-is-layout-flow\">\n<figure class=\"wp-block-image size-full is-resized\"><img data-recalc-dims=\"1\" loading=\"lazy\" decoding=\"async\" width=\"150\" height=\"180\" src=\"https:\/\/i0.wp.com\/ekw.ch\/wp-content\/uploads\/2023\/06\/portraet-fehlend.png?resize=150%2C180&#038;ssl=1\" alt=\"\" class=\"wp-image-133\" style=\"width:auto;height:180px\"\/><\/figure>\n\n\n\n<p class=\"has-medium-font-size wp-block-paragraph\"><strong>Christian Fisch<\/strong><br>Mitglied<\/p>\n\n\n\n<p class=\"wp-block-paragraph\"><\/p>\n\n\n\n<p class=\"wp-block-paragraph\"><\/p>\n<\/div>\n<\/div>\n<\/div><\/div>\n\n\n\n<p class=\"wp-block-paragraph\"><\/p>\n\n\n\n<p class=\"wp-block-paragraph\"><a href=\"https:\/\/ekw.ch\/?page_id=21\" data-type=\"page\" data-id=\"21\">Zur\u00fcck zu &#8222;\u00fcber uns&#8220; &gt;<\/a><\/p>\n","protected":false},"excerpt":{"rendered":"<p>Max BreuPr\u00e4sident praesident@ekw.ch Peter GasserVizepr\u00e4sident Markus RohnerMitglied Markus HeilMitglied Christian FischMitglied Zur\u00fcck zu &#8222;\u00fcber uns&#8220; &gt;<\/p>\n","protected":false},"author":1,"featured_media":0,"parent":0,"menu_order":0,"comment_status":"closed","ping_status":"closed","template":"","meta":{"_acf_changed":false,"footnotes":""},"class_list":["post-463","page","type-page","status-publish","hentry"],"acf":[],"jetpack_sharing_enabled":true,"publishpress_future_action":{"enabled":false,"date":"2026-09-08 07:24:15","action":"change-status","newStatus":"draft","terms":[],"taxonomy":"","extraData":[]},"publishpress_future_workflow_manual_trigger":{"enabledWorkflows":[]},"_links":{"self":[{"href":"https:\/\/ekw.ch\/index.php?rest_route=\/wp\/v2\/pages\/463","targetHints":{"allow":["GET"]}}],"collection":[{"href":"https:\/\/ekw.ch\/index.php?rest_route=\/wp\/v2\/pages"}],"about":[{"href":"https:\/\/ekw.ch\/index.php?rest_route=\/wp\/v2\/types\/page"}],"author":[{"embeddable":true,"href":"https:\/\/ekw.ch\/index.php?rest_route=\/wp\/v2\/users\/1"}],"replies":[{"embeddable":true,"href":"https:\/\/ekw.ch\/index.php?rest_route=%2Fwp%2Fv2%2Fcomments&post=463"}],"version-history":[{"count":5,"href":"https:\/\/ekw.ch\/index.php?rest_route=\/wp\/v2\/pages\/463\/revisions"}],"predecessor-version":[{"id":522,"href":"https:\/\/ekw.ch\/index.php?rest_route=\/wp\/v2\/pages\/463\/revisions\/522"}],"wp:attachment":[{"href":"https:\/\/ekw.ch\/index.php?rest_route=%2Fwp%2Fv2%2Fmedia&parent=463"}],"curies":[{"name":"wp","href":"https:\/\/api.w.org\/{rel}","templated":true}]}}